{"version":"1.0","provider_name":"laurent pernot","provider_url":"https:\/\/laurentpernot.net\/fr","author_name":"lpstudio","author_url":"https:\/\/laurentpernot.net\/fr\/author\/lpstudio\/","title":"2017 \/ La terre o\u00f9 les arbres r\u00eavent - laurent pernot","type":"rich","width":600,"height":338,"html":"<blockquote class=\"wp-embedded-content\" data-secret=\"HK0mJ0Wbhv\"><a href=\"https:\/\/laurentpernot.net\/fr\/la-terre-ou-les-arbres-revent-2017\/\">2017 \/ La terre o\u00f9 les arbres r\u00eavent<\/a><\/blockquote><iframe sandbox=\"allow-scripts\" security=\"restricted\" src=\"https:\/\/laurentpernot.net\/fr\/la-terre-ou-les-arbres-revent-2017\/embed\/#?secret=HK0mJ0Wbhv\" width=\"600\" height=\"338\" title=\"&#8220;2017 \/ La terre o\u00f9 les arbres r\u00eavent&#8221; &#8212; laurent pernot\" data-secret=\"HK0mJ0Wbhv\" frameborder=\"0\" marginwidth=\"0\" marginheight=\"0\" scrolling=\"no\" class=\"wp-embedded-content\"><\/iframe><script type=\"text\/javascript\">\n\/* <![CDATA[ *\/\n\/*! This file is auto-generated *\/\n!function(d,l){\"use strict\";l.querySelector&&d.addEventListener&&\"undefined\"!=typeof URL&&(d.wp=d.wp||{},d.wp.receiveEmbedMessage||(d.wp.receiveEmbedMessage=function(e){var t=e.data;if((t||t.secret||t.message||t.value)&&!\/[^a-zA-Z0-9]\/.test(t.secret)){for(var s,r,n,a=l.querySelectorAll('iframe[data-secret=\"'+t.secret+'\"]'),o=l.querySelectorAll('blockquote[data-secret=\"'+t.secret+'\"]'),c=new RegExp(\"^https?:$\",\"i\"),i=0;i<o.length;i++)o[i].style.display=\"none\";for(i=0;i<a.length;i++)s=a[i],e.source===s.contentWindow&&(s.removeAttribute(\"style\"),\"height\"===t.message?(1e3<(r=parseInt(t.value,10))?r=1e3:~~r<200&&(r=200),s.height=r):\"link\"===t.message&&(r=new URL(s.getAttribute(\"src\")),n=new URL(t.value),c.test(n.protocol))&&n.host===r.host&&l.activeElement===s&&(d.top.location.href=t.value))}},d.addEventListener(\"message\",d.wp.receiveEmbedMessage,!1),l.addEventListener(\"DOMContentLoaded\",function(){for(var e,t,s=l.querySelectorAll(\"iframe.wp-embedded-content\"),r=0;r<s.length;r++)(t=(e=s[r]).getAttribute(\"data-secret\"))||(t=Math.random().toString(36).substring(2,12),e.src+=\"#?secret=\"+t,e.setAttribute(\"data-secret\",t)),e.contentWindow.postMessage({message:\"ready\",secret:t},\"*\")},!1)))}(window,document);\n\/\/# sourceURL=https:\/\/laurentpernot.net\/fr\/wp-includes\/js\/wp-embed.min.js\n\/* ]]> *\/\n<\/script>\n","thumbnail_url":"https:\/\/laurentpernot.net\/fr\/wp-content\/uploads\/2017\/12\/2017_laurentpernot_exhibitionview_lvan_02.jpg","thumbnail_width":624,"thumbnail_height":750,"description":"Installation monumentale, place Royale, NantesProduction Le Voyage \u00e0 Nantes \u00a0 Laurent Pernot s\u2019est inspir\u00e9 de la pr\u00e9sence de l\u2019eau et du r\u00f4le qu\u2019elle a jou\u00e9 dans l\u2019histoire de la ville de Nantes, m\u00e9lange de fortunes et de trag\u00e9dies. Se r\u00e9f\u00e9rant aux terres lointaines, il propose un paysage surr\u00e9aliste en imaginant, \u00e0 proximit\u00e9 de la fontaine [&hellip;]"}